{"id":27,"date":"2017-06-07T11:26:31","date_gmt":"2017-06-07T09:26:31","guid":{"rendered":"https:\/\/www.motorradvermietung.de\/frankfurt\/?page_id=27"},"modified":"2026-03-18T10:34:44","modified_gmt":"2026-03-18T09:34:44","slug":"zubehoer","status":"publish","type":"page","link":"https:\/\/www.motorradvermietung.de\/frankfurt\/pt\/zubehoer","title":{"rendered":"Acess\u00f3rios"},"content":{"rendered":"<p><span id=\"result_box\" class=\"\" lang=\"pt\">Al\u00e9m das motocicletas, voc\u00ea tamb\u00e9m pode alugar os seguintes acess\u00f3rios. <span class=\"\">Se voc\u00ea precisar de equipamentos adicionais,<\/span> f<span class=\"\">ale conosco &#8211; Ser\u00e1 um prazer aconselh\u00e1-lo!<\/span><\/span><\/p>\n<p><span id=\"result_box\" class=\"\" lang=\"pt\"><\/span><span id=\"result_box\" class=\"\" lang=\"pt\"><span class=\"\">Armazenamento de bagagem: Durante a sua viagem, voc\u00ea pode armazenar gratuitamente as malas desnecess\u00e1rias conosco.<\/span><\/span><\/p>\n<table border=\"0\" width=\"100%\">\n<tbody>\n<tr>\n<th><span id=\"result_box\" class=\"\" lang=\"pt\">Acess\u00f3rios<\/span><\/th>\n<th>Di\u00e1ria<\/th>\n<th>Semanal<\/th>\n<th>por aluguel<\/th>\n<\/tr>\n<tr>\n<td>Jaqueta<\/td>\n<td>13,00 \u20ac<\/td>\n<td>50,00 \u20ac<\/td>\n<td>&#8211;<\/td>\n<\/tr>\n<tr>\n<td>Luva<\/td>\n<td>5,00 \u20ac<\/td>\n<td>20,00 \u20ac<\/td>\n<td>&#8211;<\/td>\n<\/tr>\n<tr>\n<td>Apple Carplay\/Android Auto dispositivo<\/td>\n<td>&#8211;<\/td>\n<td>&#8211;<\/td>\n<td>60,00 \u20ac<\/td>\n<\/tr>\n<tr>\n<td>Softbags<\/td>\n<td>5,00 \u20ac<\/td>\n<td>30,00 \u20ac<\/td>\n<td>&#8211;<\/td>\n<\/tr>\n<tr>\n<td>Capacetes<\/td>\n<td>5,00 \u20ac<\/td>\n<td>20,00 \u20ac<\/td>\n<td>&#8211;<\/td>\n<\/tr>\n<tr>\n<td>Malas laterais (Par)<\/td>\n<td>8,00 \u20ac<\/td>\n<td>40,00 \u20ac<\/td>\n<td>&#8211;<\/td>\n<\/tr>\n<tr>\n<td>Porta celular<\/td>\n<td>5,00 \u20ac<\/td>\n<td>20,00 \u20ac<\/td>\n<td>&#8211;<\/td>\n<\/tr>\n<tr>\n<td>Topcase<\/td>\n<td>5,00 \u20ac<\/td>\n<td>30,00 \u20ac<\/td>\n<td>&#8211;<\/td>\n<\/tr>\n<tr>\n<td>Cal<span id=\"result_box\" class=\"short_text\" lang=\"pt\"><span class=\"\">\u00e7as de chuva<\/span><\/span><\/td>\n<td>2,50 \u20ac<\/td>\n<td>10,00 \u20ac<\/td>\n<td>&#8211;<\/td>\n<\/tr>\n<tr>\n<td><\/td>\n<td><\/td>\n<td><\/td>\n<td><\/td>\n<\/tr>\n<\/tbody>\n<\/table>\n<p><span id=\"result_box\" class=\"\" lang=\"pt\"><span class=\"\">Tarifas fixas para aluguel a longo prazo, mediante pedido.<\/span><\/span><\/p>\n<p>&nbsp;<\/p>","protected":false},"excerpt":{"rendered":"<p>Al\u00e9m das motocicletas, voc\u00ea tamb\u00e9m pode alugar os seguintes acess\u00f3rios. Se voc\u00ea precisar de equipamentos adicionais, fale conosco &#8211; Ser\u00e1 um prazer aconselh\u00e1-lo! Armazenamento de bagagem: Durante a sua viagem, voc\u00ea pode armazenar gratuitamente as malas desnecess\u00e1rias conosco. Acess\u00f3rios Di\u00e1ria Semanal por aluguel Jaqueta 13,00 \u20ac 50,00 \u20ac &#8211; Luva 5,00 \u20ac 20,00 \u20ac &#8211; [&hellip;]<\/p>\n","protected":false},"author":1,"featured_media":0,"parent":0,"menu_order":0,"comment_status":"closed","ping_status":"closed","template":"","meta":{"footnotes":""},"class_list":["post-27","page","type-page","status-publish","hentry"],"aioseo_notices":[],"_links":{"self":[{"href":"https:\/\/www.motorradvermietung.de\/frankfurt\/pt\/wp-json\/wp\/v2\/pages\/27","targetHints":{"allow":["GET"]}}],"collection":[{"href":"https:\/\/www.motorradvermietung.de\/frankfurt\/pt\/wp-json\/wp\/v2\/pages"}],"about":[{"href":"https:\/\/www.motorradvermietung.de\/frankfurt\/pt\/wp-json\/wp\/v2\/types\/page"}],"author":[{"embeddable":true,"href":"https:\/\/www.motorradvermietung.de\/frankfurt\/pt\/wp-json\/wp\/v2\/users\/1"}],"replies":[{"embeddable":true,"href":"https:\/\/www.motorradvermietung.de\/frankfurt\/pt\/wp-json\/wp\/v2\/comments?post=27"}],"version-history":[{"count":19,"href":"https:\/\/www.motorradvermietung.de\/frankfurt\/pt\/wp-json\/wp\/v2\/pages\/27\/revisions"}],"predecessor-version":[{"id":446,"href":"https:\/\/www.motorradvermietung.de\/frankfurt\/pt\/wp-json\/wp\/v2\/pages\/27\/revisions\/446"}],"wp:attachment":[{"href":"https:\/\/www.motorradvermietung.de\/frankfurt\/pt\/wp-json\/wp\/v2\/media?parent=27"}],"curies":[{"name":"wp","href":"https:\/\/api.w.org\/{rel}","templated":true}]}}