{"id":335,"date":"2018-08-16T08:57:14","date_gmt":"2018-08-16T06:57:14","guid":{"rendered":"https:\/\/www.motorradvermietung.de\/frankfurt\/?page_id=335"},"modified":"2026-04-14T16:21:50","modified_gmt":"2026-04-14T14:21:50","slug":"datenschutz","status":"publish","type":"page","link":"https:\/\/www.motorradvermietung.de\/frankfurt\/pt\/datenschutz","title":{"rendered":"Pol\u00edtica de Privacidade"},"content":{"rendered":"<p>Este \u00e9 um texto traduzido automaticamente. Para a vers\u00e3o original em ingl\u00eas, por favor clique <a href=\"https:\/\/www.motorradvermietung.de\/frankfurt\/de\/datenschutz\">aqui<\/a>.<\/p>\n<h4>Pol\u00edtica de Privacidade<\/h4>\n<p>Estamos muito satisfeitos por voc\u00ea ter demonstrado interesse em nossa empresa. A prote\u00e7\u00e3o de dados \u00e9 uma prioridade particularmente alta para a gest\u00e3o da Allround Motorradvermietung &amp; H.M. Motorradhaus. O uso das p\u00e1ginas da Internet da Allround Motorradvermietung &amp; H.M. Motorradhaus \u00e9 poss\u00edvel sem qualquer indica\u00e7\u00e3o de dados pessoais; no entanto, se um titular de dados quiser usar servi\u00e7os empresariais especiais atrav\u00e9s do nosso site, o processamento de dados pessoais poder\u00e1 ser necess\u00e1rio. Se o processamento de dados pessoais for necess\u00e1rio e n\u00e3o houver base legal para tal processamento, geralmente obtemos o consentimento do titular dos dados.<\/p>\n<p>O processamento de dados pessoais, como o nome, endere\u00e7o, endere\u00e7o de e-mail ou n\u00famero de telefone de um titular de dados, deve estar sempre em conformidade com o Regulamento Geral de Prote\u00e7\u00e3o de Dados (GDPR) e de acordo com a prote\u00e7\u00e3o de dados espec\u00edficos do pa\u00eds. regulamentos aplic\u00e1veis \u00e0 Allround Motorradvermietung &amp; H.M. Motorradhaus. Por meio desta declara\u00e7\u00e3o de prote\u00e7\u00e3o de dados, nossa empresa gostaria de informar ao p\u00fablico em geral a natureza, o escopo e a finalidade dos dados pessoais que coletamos, usamos e processamos. Al\u00e9m disso, os titulares dos dados s\u00e3o informados, atrav\u00e9s desta declara\u00e7\u00e3o de prote\u00e7\u00e3o de dados, dos direitos a que t\u00eam direito.<\/p>\n<p>Como controlador, o Allround Motorradvermietung &amp; H.M. A Motorradhaus implementou in\u00fameras medidas t\u00e9cnicas e organizacionais para garantir a prote\u00e7\u00e3o mais completa dos dados pessoais processados atrav\u00e9s deste site. No entanto, as transmiss\u00f5es de dados baseadas na Internet podem, em princ\u00edpio, ter lacunas de seguran\u00e7a, portanto, a prote\u00e7\u00e3o absoluta pode n\u00e3o ser garantida. Por este motivo, todos os titulares de dados t\u00eam liberdade para transferir dados pessoais para n\u00f3s atrav\u00e9s de meios alternativos, por ex. pelo telefone.<\/p>\n<h4>1. Defini\u00e7\u00f5es<\/h4>\n<p>A declara\u00e7\u00e3o de prote\u00e7\u00e3o de dados da Allround Motorradvermietung &amp; H.M. Motorradhaus baseia-se nos termos usados pelo legislador europeu para a ado\u00e7\u00e3o do Regulamento Geral de Prote\u00e7\u00e3o de Dados (GDPR). Nossa declara\u00e7\u00e3o de prote\u00e7\u00e3o de dados deve ser leg\u00edvel e compreens\u00edvel para o p\u00fablico em geral, bem como para nossos clientes e parceiros de neg\u00f3cios. Para garantir isso, gostar\u00edamos de primeiro explicar a terminologia usada.<\/p>\n<p>Nesta declara\u00e7\u00e3o de prote\u00e7\u00e3o de dados, utilizamos, inter alia, os seguintes termos:<\/p>\n<ul style=\"list-style: none;\">\n<li style=\"list-style-type: none;\">\n<ul style=\"list-style: none;\">\n<li>\n<h4>a)Dados pessoais<\/h4>\n<p>Dados pessoais significa qualquer informa\u00e7\u00e3o relativa a uma pessoa singular identificada ou identific\u00e1vel (\u201ctitular de dados\u201d). Uma pessoa singular identific\u00e1vel \u00e9 aquela que pode ser identificada, directa ou indirectamente, em particular por refer\u00eancia a um identificador como um nome, um n\u00famero de identifica\u00e7\u00e3o, dados de localiza\u00e7\u00e3o, um identificador on-line ou a um ou mais factores espec\u00edficos da fisiologia, fisiologia e identidade gen\u00e9tica, mental, econ\u00f4mica, cultural ou social dessa pessoa natural.<\/li>\n<li>\n<h4>b) Assunto dos dados<\/h4>\n<p>Entende-se por pessoa f\u00edsica identificada ou identific\u00e1vel, cujos dados pessoais s\u00e3o processados pelo respons\u00e1vel pelo processamento.<\/li>\n<li>\n<h4>c) Processando<\/h4>\n<p>Processamento \u00e9 qualquer opera\u00e7\u00e3o ou conjunto de opera\u00e7\u00f5es que s\u00e3o realizadas em dados pessoais ou em conjuntos de dados pessoais, seja ou n\u00e3o por meios automatizados, tais como coleta, registro, organiza\u00e7\u00e3o, estrutura\u00e7\u00e3o, armazenamento, adapta\u00e7\u00e3o ou altera\u00e7\u00e3o, recupera\u00e7\u00e3o, consulta, uso, divulga\u00e7\u00e3o por transmiss\u00e3o, divulga\u00e7\u00e3o ou disponibiliza\u00e7\u00e3o, alinhamento ou combina\u00e7\u00e3o, restri\u00e7\u00e3o, apagamento ou destrui\u00e7\u00e3o.<\/li>\n<li>\n<h4>d) Restri\u00e7\u00e3o de processamento<\/h4>\n<p>Restri\u00e7\u00e3o de processamento \u00e9 a marca\u00e7\u00e3o de dados pessoais armazenados com o objetivo de limitar seu processamento no futuro.<\/li>\n<li>\n<h4>e) Cria\u00e7\u00e3o de perfil<\/h4>\n<p>Defini\u00e7\u00e3o de perfis significa qualquer forma de processamento automatizado de dados pessoais que consiste na utiliza\u00e7\u00e3o de dados pessoais para avaliar determinados aspectos pessoais relacionados com uma pessoa singular, em particular para analisar ou prever aspectos relativos ao desempenho dessa pessoa no trabalho, situa\u00e7\u00e3o econ\u00f3mica, sa\u00fade, prefer\u00eancias pessoais interesses, confiabilidade, comportamento, localiza\u00e7\u00e3o ou movimentos.<\/li>\n<li>\n<h4>f) Pseudonimiza\u00e7\u00e3o<\/h4>\n<p>A pseudonimiza\u00e7\u00e3o \u00e9 o processamento de dados pessoais de tal maneira que os dados pessoais n\u00e3o podem mais ser atribu\u00eddos a um indiv\u00edduo de dados espec\u00edfico sem o uso de informa\u00e7\u00f5es adicionais, desde que essas informa\u00e7\u00f5es adicionais sejam mantidas separadamente e estejam sujeitas a medidas t\u00e9cnicas e organizacionais para garantir que os dados pessoais n\u00e3o s\u00e3o atribu\u00eddos a uma pessoa singular identificada ou identific\u00e1vel.<\/li>\n<li>2061\/5000<br \/>\n<h4>g) Controlador ou controlador respons\u00e1vel pelo processamento<\/h4>\n<p>Controlador ou respons\u00e1vel pelo processamento \u00e9 a pessoa f\u00edsica ou jur\u00eddica, autoridade p\u00fablica, ag\u00eancia ou outro organismo que, sozinho ou em conjunto com os outros, determina os fins e meios do tratamento de dados pessoais; Se os fins e os meios desse tratamento forem determinados pela legisla\u00e7\u00e3o da Uni\u00e3o ou do Estado-Membro, o respons\u00e1vel pelo tratamento ou os crit\u00e9rios espec\u00edficos para a sua nomea\u00e7\u00e3o podem estar previstos na legisla\u00e7\u00e3o da Uni\u00e3o ou do Estado-Membro.<\/li>\n<li>\n<h4>h) Processador<\/h4>\n<p>Processador \u00e9 uma pessoa singular ou colectiva, autoridade p\u00fablica, ag\u00eancia ou outro organismo que processa dados pessoais em nome do respons\u00e1vel pelo tratamento.<\/li>\n<li>\n<h4>i) Destinat\u00e1rio<\/h4>\n<p>O destinat\u00e1rio \u00e9 uma pessoa singular ou colectiva, autoridade p\u00fablica, ag\u00eancia ou outro organismo, para o qual os dados pessoais s\u00e3o divulgados, sejam terceiros ou n\u00e3o. No entanto, as autoridades p\u00fablicas que possam receber dados pessoais no \u00e2mbito de um inqu\u00e9rito espec\u00edfico em conformidade com a legisla\u00e7\u00e3o da Uni\u00e3o ou do Estado-Membro n\u00e3o s\u00e3o consideradas destinat\u00e1rios; o tratamento desses dados por essas autoridades p\u00fablicas deve estar em conformidade com as regras de prote\u00e7\u00e3o de dados aplic\u00e1veis, de acordo com os objetivos do tratamento.<\/li>\n<li>\n<h4>j) Terceiros<\/h4>\n<p>O terceiro \u00e9 uma pessoa singular ou colectiva, autoridade p\u00fablica, ag\u00eancia ou organismo diferente do titular dos dados, respons\u00e1vel pelo tratamento, processador e pessoas que, sob a autoridade directa do respons\u00e1vel pelo tratamento ou processador, est\u00e3o autorizados a processar dados pessoais.<\/li>\n<li>\n<h4>k) Consentimento<\/h4>\n<p>Consentimento do titular dos dados \u00e9 qualquer indica\u00e7\u00e3o dada livremente, espec\u00edfica, informada e inequ\u00edvoca do desejo do titular dos dados pela qual ele ou ela, por uma declara\u00e7\u00e3o ou por uma a\u00e7\u00e3o afirmativa clara, significa acordo para o tratamento de dados pessoais relativos a ele ou ela .<\/li>\n<\/ul>\n<\/li>\n<\/ul>\n<h4>2. Nome e endere\u00e7o do controlador<\/h4>\n<p>Controlador para efeitos do Regulamento Geral de Prote\u00e7\u00e3o de Dados (GDPR), outras leis de prote\u00e7\u00e3o de dados aplic\u00e1veis \u200b\u200bnos Estados-Membros da Uni\u00e3o Europeia e outras disposi\u00e7\u00f5es relacionadas com a prote\u00e7\u00e3o de dados \u00e9:<\/p>\n<p>Allround Motorradvermietung &amp; H.M. Motorradhaus<\/p>\n<p>Max-Holder-Str. 5<\/p>\n<p>60437 Frankfurt<\/p>\n<p>Deutschland<\/p>\n<p>Phone: +49 (0)69 \u2013 56 00 92 0<\/p>\n<p>Email: info@motorradvermietung.de<\/p>\n<p>Website: www.motorradvermietung.de<\/p>\n<h4>3. Cookies<\/h4>\n<p>As p\u00e1ginas da Internet da Allround Motorradvermietung &amp; H.M. Motorradhaus usa cookies. Cookies s\u00e3o arquivos de texto que s\u00e3o armazenados em um sistema de computador atrav\u00e9s de um navegador da Internet.<\/p>\n<p>Muitos sites e servidores da Internet usam cookies. Muitos cookies cont\u00eam um chamado ID de cookie. Um ID de cookie \u00e9 um identificador exclusivo do cookie. Ele consiste em uma cadeia de caracteres atrav\u00e9s da qual as p\u00e1ginas e os servidores da Internet podem ser atribu\u00eddos ao navegador de Internet espec\u00edfico no qual o cookie foi armazenado. Isso permite que sites e servidores da Internet visitados diferenciem o navegador individual do assunto dats de outros navegadores da Internet que contenham outros cookies. Um navegador da Internet espec\u00edfico pode ser reconhecido e identificado usando o ID exclusivo do cookie.<\/p>\n<p>Atrav\u00e9s do uso de cookies, o Allround Motorradvermietung &amp; H.M. A Motorradhaus pode fornecer aos usu\u00e1rios deste site mais servi\u00e7os amig\u00e1veis \u200b\u200bque n\u00e3o seriam poss\u00edveis sem a configura\u00e7\u00e3o do cookie.<\/p>\n<p>Por meio de um cookie, as informa\u00e7\u00f5es e ofertas em nosso site podem ser otimizadas com o usu\u00e1rio em mente. Os cookies nos permitem, como mencionado anteriormente, reconhecer os usu\u00e1rios do nosso site. O objetivo desse reconhecimento \u00e9 facilitar aos usu\u00e1rios a utiliza\u00e7\u00e3o do nosso site. O usu\u00e1rio do site que usa cookies, por exemplo n\u00e3o precisa inserir os dados de acesso sempre que o site for acessado, porque isso \u00e9 assumido pelo site, e o cookie \u00e9, portanto, armazenado no sistema de computador do usu\u00e1rio. Outro exemplo \u00e9 o cookie de um carrinho de compras em uma loja online. A loja on-line lembra os artigos que um cliente colocou no carrinho de compras virtual por meio de um cookie.<\/p>\n<p>O titular dos dados pode, a qualquer momento, impedir a configura\u00e7\u00e3o de cookies atrav\u00e9s do nosso site por meio de uma configura\u00e7\u00e3o correspondente do navegador da Internet utilizado, podendo, assim, negar permanentemente a configura\u00e7\u00e3o de cookies. Al\u00e9m disso, os cookies j\u00e1 definidos podem ser exclu\u00eddos a qualquer momento atrav\u00e9s de um navegador da Internet ou de outros programas de software. Isso \u00e9 poss\u00edvel em todos os navegadores de Internet populares. Se o titular dos dados desativar a configura\u00e7\u00e3o de cookies no navegador da Internet utilizado, nem todas as fun\u00e7\u00f5es do nosso site poder\u00e3o ser totalmente utiliz\u00e1veis.<\/p>\n<span class=\"borlabs-cookie-open-dialog-preferences \" data-borlabs-cookie-title=\"Defini\u00e7\u00f5es de Cookie\" data-borlabs-cookie-type=\"link\" ><\/span>\n<h4>4. Recolha de dados e informa\u00e7\u00f5es gerais<\/h4>\n<p>O site da Allround Motorradvermietung &amp; H.M. A Motorradhaus coleta uma s\u00e9rie de dados e informa\u00e7\u00f5es gerais quando um titular de dados ou sistema automatizado acessa o site. Esses dados e informa\u00e7\u00f5es gerais s\u00e3o armazenados nos arquivos de log do servidor. Coletadas podem ser (1) os tipos de navegadores e vers\u00f5es utilizadas, (2) o sistema operacional utilizado pelo sistema de acesso, (3) o site a partir do qual um sistema de acesso chega ao nosso site (os chamados referenciadores), (4) o sub -sites, (5) data e hora de acesso ao site da Internet, (6) endere\u00e7o de Internet (endere\u00e7o IP), (7) provedor de acesso \u00e0 Internet do sistema de acesso e (8) quaisquer outros dados e informa\u00e7\u00f5es que podem ser usadas em caso de ataques aos nossos sistemas de tecnologia da informa\u00e7\u00e3o.<\/p>\n<p>Ao usar esses dados e informa\u00e7\u00f5es gerais, o Allround Motorradvermietung &amp; H.M. A Motorradhaus n\u00e3o tira conclus\u00f5es sobre o assunto dos dados. Pelo contr\u00e1rio, esta informa\u00e7\u00e3o \u00e9 necess\u00e1ria para (1) entregar o conte\u00fado do nosso site corretamente, (2) otimizar o conte\u00fado do nosso site, bem como a sua publicidade, (3) garantir a viabilidade a longo prazo dos nossos sistemas de tecnologia da informa\u00e7\u00e3o e tecnologia do site e (4) fornecer \u00e0s autoridades policiais as informa\u00e7\u00f5es necess\u00e1rias para o processo criminal em caso de um ciberataque. Portanto, o Allround Motorradvermietung &amp; H.M. A Motorradhaus analisa estatisticamente dados e informa\u00e7\u00f5es coletadas anonimamente, com o objetivo de aumentar a prote\u00e7\u00e3o de dados e a seguran\u00e7a de dados de nossa empresa, e garantir um \u00f3timo n\u00edvel de prote\u00e7\u00e3o para os dados pessoais que processamos. Os dados an\u00f4nimos dos arquivos de log do servidor s\u00e3o armazenados separadamente de todos os dados pessoais fornecidos por um indiv\u00edduo de dados.<\/p>\n<h4>5. Possibilidade de contato atrav\u00e9s do site<\/h4>\n<p>O site da Allround Motorradvermietung &amp; H.M. Motorradhaus cont\u00e9m informa\u00e7\u00f5es que permitem um r\u00e1pido contato eletr\u00f4nico com a nossa empresa, bem como a comunica\u00e7\u00e3o direta conosco, que tamb\u00e9m inclui um endere\u00e7o geral do chamado correio eletr\u00f4nico (endere\u00e7o de e-mail). Se um titular de dados entrar em contato com o controlador por e-mail ou por meio de um formul\u00e1rio de contato, os dados pessoais transmitidos pela pessoa em quest\u00e3o ser\u00e3o armazenados automaticamente. Esses dados pessoais transmitidos voluntariamente por um titular de dados ao controlador de dados s\u00e3o armazenados com o objetivo de processar ou contatar o titular dos dados. N\u00e3o h\u00e1 transfer\u00eancia desses dados pessoais para terceiros.<\/p>\n<h4>6. Elimina\u00e7\u00e3o de rotina e bloqueio de dados pessoais<\/h4>\n<p>O respons\u00e1vel pelo tratamento de dados processar\u00e1 e armazenar\u00e1 os dados pessoais da pessoa em causa apenas durante o per\u00edodo necess\u00e1rio para atingir a finalidade de armazenamento, ou, na medida em que tal seja concedido pelo legislador europeu ou outros legisladores em leis ou regulamentos aos quais o controlador est\u00e1 sujeito para.<\/p>\n<p>Se o objectivo de armazenamento n\u00e3o for aplic\u00e1vel, ou se expirar um per\u00edodo de armazenamento prescrito pelo legislador europeu ou outro legislador competente, os dados pessoais s\u00e3o rotineiramente bloqueados ou apagados de acordo com os requisitos legais.<\/p>\n<h4>7. Direitos do titular dos dados<\/h4>\n<ul style=\"list-style: none;\">\n<li style=\"list-style-type: none;\">\n<ul style=\"list-style: none;\">\n<li style=\"list-style-type: none;\">\n<ul style=\"list-style: none;\">\n<li>\n<h4>a) Direito de confirma\u00e7\u00e3o<\/h4>\n<p>Cada titular de dados tem o direito conferido pelo legislador europeu de obter do respons\u00e1vel pelo tratamento a confirma\u00e7\u00e3o de que os dados pessoais relativos ao mesmo est\u00e3o ou n\u00e3o a ser processados. Se um titular de dados desejar se valer desse direito de confirma\u00e7\u00e3o, ele ou ela poder\u00e1, a qualquer momento, entrar em contato com qualquer funcion\u00e1rio do controlador.<\/li>\n<li>\n<h4>b) Direito de acesso<\/h4>\n<p>Cada titular de dados tem o direito conferido pelo legislador europeu de obter do respons\u00e1vel pelo tratamento informa\u00e7\u00f5es gratuitas sobre os seus dados pessoais armazenados a qualquer momento e uma c\u00f3pia dessas informa\u00e7\u00f5es. Al\u00e9m disso, as diretivas e os regulamentos europeus concedem ao titular dos dados o acesso \u00e0s seguintes informa\u00e7\u00f5es:<\/p>\n<ul style=\"list-style: none;\">\n<li>as finalidades do processamento;<\/li>\n<li>as categorias de dados pessoais em quest\u00e3o;<\/li>\n<li>os destinat\u00e1rios ou categorias de destinat\u00e1rios a quem os dados pessoais foram ou ser\u00e3o divulgados, em especial os destinat\u00e1rios em pa\u00edses terceiros ou organiza\u00e7\u00f5es internacionais;<\/li>\n<li>sempre que poss\u00edvel, o per\u00edodo previsto para o qual os dados pessoais ser\u00e3o armazenados ou, se n\u00e3o for poss\u00edvel, os crit\u00e9rios utilizados para determinar esse per\u00edodo;<\/li>\n<li>a exist\u00eancia do direito de solicitar a retifica\u00e7\u00e3o ou o apagamento do controle de dados pessoais, ou a restri\u00e7\u00e3o do processamento de dados pessoais relativos ao titular dos dados, ou a se opor a tal processamento;<\/li>\n<li>a exist\u00eancia do direito de apresentar uma queixa a uma autoridade supervisora;<\/li>\n<li>onde os dados pessoais n\u00e3o s\u00e3o coletados do assunto dos dados, qualquer informa\u00e7\u00e3o dispon\u00edvel quanto \u00e0 sua origem;<\/li>\n<li>a exist\u00eancia de tomadas de decis\u00e3o automatizadas, incluindo a defini\u00e7\u00e3o de perfis, mencionada no Artigo 22 (1) e (4) do GDPR e, pelo menos nesses casos, informa\u00e7\u00f5es significativas sobre a l\u00f3gica envolvida, bem como o significado e consequ\u00eancias previstas de tal processamento para a pessoa em causa.<\/li>\n<\/ul>\n<p>Al\u00e9m disso, o titular dos dados tem o direito de obter informa\u00e7\u00f5es sobre se os dados pessoais s\u00e3o transferidos para um pa\u00eds terceiro ou para uma organiza\u00e7\u00e3o internacional. Se for esse o caso, o titular dos dados ter\u00e1 o direito de ser informado das garantias adequadas relacionadas com a transfer\u00eancia.<\/p>\n<p>Se um titular de dados desejar se valer desse direito de acesso, ele poder\u00e1, a qualquer momento, entrar em contato com qualquer funcion\u00e1rio do controlador.<\/li>\n<li>\n<h4>c) Direito \u00e0 retifica\u00e7\u00e3o<\/h4>\n<p>Cada titular de dados tem o direito conferido pelo legislador europeu de obter do respons\u00e1vel pelo tratamento, sem demora injustificada, a retifica\u00e7\u00e3o de dados pessoais incorretos que lhe digam respeito. Tendo em conta os fins do tratamento, o titular dos dados tem o direito de fornecer dados pessoais incompletos, incluindo atrav\u00e9s de uma declara\u00e7\u00e3o suplementar.<\/p>\n<p>Se um titular de dados desejar exercer esse direito de retifica\u00e7\u00e3o, ele poder\u00e1, a qualquer momento, entrar em contato com qualquer funcion\u00e1rio do controlador.<\/li>\n<li>\n<h4>d) Direito de apagar (direito de ser esquecido)<\/h4>\n<p>Cada titular de dados tem o direito conferido pelo legislador europeu de obter do respons\u00e1vel pelo tratamento o apagamento de dados pessoais que lhe digam respeito sem demora injustificada e o respons\u00e1vel pelo tratamento tem a obriga\u00e7\u00e3o de apagar os dados pessoais sem demora injustificada, se houver um dos seguintes motivos: aplica-se, desde que o processamento n\u00e3o seja necess\u00e1rio:<\/p>\n<ul style=\"list-style: none;\">\n<li>Os dados pessoais n\u00e3o s\u00e3o mais necess\u00e1rios em rela\u00e7\u00e3o aos objetivos para os quais foram coletados ou processados de outra forma.<\/li>\n<li>O titular dos dados retira o consentimento ao qual o tratamento se baseia, nos termos do artigo 6.\u00ba, n.\u00ba 1, al\u00ednea a), do GDPR, ou do artigo 9.\u00ba, n.\u00ba 2, al\u00ednea a), do GDPR e, quando n\u00e3o existe outro fundamento legal para o processamento.<\/li>\n<li>O titular dos dados objeta-se ao processamento nos termos do artigo 21 (1) do GDPR e n\u00e3o h\u00e1 raz\u00f5es leg\u00edtimas para o processamento, ou o objeto de dados objeta ao processamento de acordo com o Artigo 21 (2) do GDPR.<\/li>\n<li>Os dados pessoais foram processados ilegalmente.<\/li>\n<li>Os dados pessoais devem ser apagados para cumprimento de uma obriga\u00e7\u00e3o legal na legisla\u00e7\u00e3o da Uni\u00e3o ou dos Estados-Membros \u00e0 qual o respons\u00e1vel pelo tratamento est\u00e1 sujeito.<\/li>\n<li>Os dados pessoais foram recolhidos em rela\u00e7\u00e3o \u00e0 oferta de servi\u00e7os da sociedade da informa\u00e7\u00e3o referidos no artigo 8.\u00ba, n.\u00ba 1, do GDPR.<\/li>\n<\/ul>\n<p>Se uma das raz\u00f5es acima mencionadas se aplica, e um titular dos dados deseja solicitar o apagamento de dados pessoais armazenados pela Allround Motorradvermietung &amp; H.M. Motorradhaus, ele ou ela pode, a qualquer momento, entrar em contato com qualquer funcion\u00e1rio do controlador. Um funcion\u00e1rio da Allround Motorradvermietung &amp; H.M. A Motorradhaus deve assegurar imediatamente que o pedido de cancelamento seja atendido imediatamente.<\/p>\n<p>Caso o respons\u00e1vel pelo tratamento tenha tornado p\u00fablicos os dados pessoais e seja obrigado, nos termos do artigo 17.\u00ba, n.\u00ba 1, a apagar os dados pessoais, o respons\u00e1vel pelo tratamento, tendo em conta a tecnologia dispon\u00edvel e os custos de implementa\u00e7\u00e3o, tomar\u00e1 medidas razo\u00e1veis, incluindo medidas t\u00e9cnicas para informar outras. Os controladores que processam os dados pessoais que o titular dos dados solicitou apagam, por parte desses controladores, quaisquer liga\u00e7\u00f5es, c\u00f3pias ou replica\u00e7\u00f5es desses dados pessoais, desde que o processamento n\u00e3o seja necess\u00e1rio. Um funcion\u00e1rios da Allround Motorradvermietung &amp; H.M. A Motorradhaus providenciar\u00e1 as medidas necess\u00e1rias em casos individuais.<\/li>\n<li>\n<h4>e) Direito de restri\u00e7\u00e3o de processamento<\/h4>\n<p>Cada titular de dados tem o direito conferido pelo legislador europeu de obter do respons\u00e1vel pelo tratamento a restri\u00e7\u00e3o de tratamento sempre que se verifique uma das seguintes situa\u00e7\u00f5es:<\/p>\n<ul style=\"list-style: none;\">\n<li>A precis\u00e3o dos dados pessoais \u00e9 contestada pelo titular dos dados, por um per\u00edodo que permite ao controlador verificar a exatid\u00e3o dos dados pessoais.<\/li>\n<li>O processamento \u00e9 ilegal e o titular dos dados se op\u00f5e ao apagamento dos dados pessoais e, em vez disso, solicita a restri\u00e7\u00e3o de seu uso.<\/li>\n<li>O controlador n\u00e3o precisa mais dos dados pessoais para fins de processamento, mas eles s\u00e3o exigidos pelo titular dos dados para o estabelecimento, exerc\u00edcio ou defesa de reivindica\u00e7\u00f5es legais.<\/li>\n<li>O titular dos dados contestou o tratamento nos termos do artigo 21.\u00ba, n.\u00ba 1, do GDPR, na pend\u00eancia da verifica\u00e7\u00e3o da quest\u00e3o de saber se os fundamentos leg\u00edtimos do respons\u00e1vel pelo tratamento se sobrep\u00f5em aos do titular dos dados.<\/li>\n<\/ul>\n<p>Se uma das condi\u00e7\u00f5es acima mencionadas for cumprida e um titular dos dados desejar solicitar a restri\u00e7\u00e3o do processamento de dados pessoais armazenados pela Allround Motorradvermietung &amp; H.M. Motorradhaus, ele ou ela pode, a qualquer momento, entrar em contato com qualquer funcion\u00e1rio do controlador. O funcion\u00e1rio da Allround Motorradvermietung &amp; H.M. Motorradhaus providenciar\u00e1 a restri\u00e7\u00e3o do processamento.<\/li>\n<li>\n<h4>f) Direito \u00e0 portabilidade de dados<\/h4>\n<p>Cada titular de dados tem o direito conferido pelo legislador europeu de receber os dados pessoais que lhe s\u00e3o fornecidos, fornecidos a um respons\u00e1vel pelo tratamento, num formato estruturado, normalmente utilizado e leg\u00edvel por m\u00e1quina. Tem o direito de transmitir esses dados a outro respons\u00e1vel pelo tratamento, sem impedimento do respons\u00e1vel pelo tratamento a que os dados pessoais foram fornecidos, desde que o tratamento se baseie no consentimento previsto no artigo 6.\u00ba, n.\u00ba 1, al\u00ednea a). o GDPR ou a al\u00ednea a) do no 2 do artigo 9.o do GDPR, ou num contrato nos termos do artigo 6.o, no 1, al\u00ednea b), do RGPD, e o tratamento \u00e9 efectuado por meios automatizados, desde que: O tratamento n\u00e3o \u00e9 necess\u00e1rio para o desempenho de uma tarefa realizada no interesse p\u00fablico ou no exerc\u00edcio da autoridade oficial do respons\u00e1vel pelo tratamento.<\/p>\n<p>Al\u00e9m disso, ao exercer o seu direito \u00e0 portabilidade de dados nos termos do artigo 20.\u00ba, n.\u00ba 1, do GDPR, o titular dos dados tem o direito de transmitir dados pessoais diretamente de um controlador para outro, sempre que tecnicamente exequ\u00edvel e quando o fizer. prejudicar os direitos e liberdades dos outros.<\/p>\n<p>Para reivindicar o direito \u00e0 portabilidade de dados, o titular dos dados pode, a qualquer momento, contactar qualquer funcion\u00e1rio da Allround Motorradvermietung &amp; H.M. Motorradhaus.<\/li>\n<\/ul>\n<\/li>\n<\/ul>\n<\/li>\n<\/ul>\n<h4>g) Direito de oposi\u00e7\u00e3o<\/h4>\n<p>Cada titular de dados tem o direito que o legislador europeu tem de contestar, a qualquer momento, por motivos relacionados com a sua situa\u00e7\u00e3o particular, relativamente ao tratamento de dados pessoais que lhe digam respeito, baseado nas al\u00edneas e) ou f ) do artigo 6.\u00ba, n.\u00ba 1, do GDPR. Isso tamb\u00e9m se aplica \u00e0 cria\u00e7\u00e3o de perfis com base nessas disposi\u00e7\u00f5es.<\/p>\n<p>The Allround Motorradvermietung &amp; H.M. A Motorradhaus deixar\u00e1 de processar os dados pessoais em caso de obje\u00e7\u00e3o, a menos que possamos demonstrar motivos leg\u00edtimos convincentes para o processamento que anulem os interesses, direitos e liberdades do titular dos dados, ou para o estabelecimento, exerc\u00edcio ou defesa de reivindica\u00e7\u00f5es legais.<\/p>\n<p>Se o Allround Motorradvermietung &amp; H.M. A Motorradhaus processa dados pessoais para fins de marketing direto, o titular dos dados ter\u00e1 o direito de se opor a qualquer momento ao processamento de dados pessoais relativos a ele ou ela para esse marketing. Isso se aplica ao perfil na medida em que est\u00e1 relacionado a esse marketing direto. Se a pessoa em causa se opuser \u00e0 Allround Motorradvermietung &amp; H.M. Motorradhaus para o processamento para fins de marketing direto, o Allround Motorradvermietung &amp; H.M. A Motorradhaus n\u00e3o processar\u00e1 mais os dados pessoais para esses fins.<\/p>\n<p>Al\u00e9m disso, o titular dos dados tem o direito, por motivos relacionados com a sua situa\u00e7\u00e3o particular, de se opor ao tratamento de dados pessoais que lhe digam respeito por parte da Allround Motorradvermietung &amp; H.M. Motorradhaus para fins de investiga\u00e7\u00e3o cient\u00edfica ou hist\u00f3rica, ou para fins estat\u00edsticos, nos termos do no 1 do artigo 89.o do RGPD, a menos que o tratamento seja necess\u00e1rio ao desempenho de uma tarefa por motivos de interesse p\u00fablico.<\/p>\n<p>Para exercer o direito de oposi\u00e7\u00e3o, o titular dos dados pode contatar qualquer funcion\u00e1rio da Allround Motorradvermietung &amp; H.M. Motorradhaus. Al\u00e9m disso, a pessoa em causa \u00e9 livre no contexto da utiliza\u00e7\u00e3o de servi\u00e7os da sociedade da informa\u00e7\u00e3o, e n\u00e3o obstante a Diretiva 2002\/58 \/CE, para utilizar o seu direito de oposi\u00e7\u00e3o por meios automatizados, utilizando especifica\u00e7\u00f5es t\u00e9cnicas.<\/p>\n<ul>\n<li>\n<h4>h) Tomada de decis\u00e3o individual automatizada, incluindo a cria\u00e7\u00e3o de perfil<\/h4>\n<p>Cada titular de dados tem o direito que o legislador europeu tem de n\u00e3o ser objecto de uma decis\u00e3o baseada apenas no tratamento automatizado, incluindo a defini\u00e7\u00e3o de perfis, que produz efeitos jur\u00eddicos sobre si ou que de igual modo o afecta, enquanto a decis\u00e3o for tomada. (1) n\u00e3o for necess\u00e1rio para celebrar ou executar um contrato entre o titular dos dados e um respons\u00e1vel pelo tratamento de dados ou (2) n\u00e3o estiver autorizado pela legisla\u00e7\u00e3o da Uni\u00e3o ou do Estado-Membro a que o respons\u00e1vel esteja sujeito e tamb\u00e9m medidas adequadas para salvaguardar os direitos e liberdades e os interesses leg\u00edtimos da pessoa em causa, ou (3) n\u00e3o se baseia no consentimento expl\u00edcito da pessoa em causa.<\/p>\n<p>Se a decis\u00e3o (1) for necess\u00e1ria para a celebra\u00e7\u00e3o ou execu\u00e7\u00e3o de um contrato entre o titular dos dados e um controlador de dados ou (2) se basear no consentimento expl\u00edcito do titular dos dados, a Allround Motorradvermietung &amp; H.M. A Motorradhaus implementar\u00e1 medidas adequadas para salvaguardar os direitos e liberdades da pessoa em causa e os seus leg\u00edtimos interesses, pelo menos o direito de obter interven\u00e7\u00e3o humana por parte do respons\u00e1vel pelo tratamento, para expressar o seu ponto de vista e contestar a decis\u00e3o.<\/p>\n<p>Se o titular dos dados desejar exercer os direitos relativos \u00e0 tomada de decis\u00e3o individual automatizada, pode, a qualquer momento, contactar qualquer funcion\u00e1rio da Allround Motorradvermietung &amp; H.M. Motorradhaus.<\/li>\n<li>\n<h4>i) Direito de retirar o consentimento de prote\u00e7\u00e3o de dados<\/h4>\n<p>Cada titular de dados ter\u00e1 o direito que o legislador europeu ter\u00e1 de retirar o seu consentimento para o tratamento dos seus dados pessoais a qualquer momento.<\/p>\n<p>Se o titular dos dados desejar exercer o direito de retirar o consentimento, ele ou ela poder\u00e1, a qualquer momento, entrar em contato com qualquer funcion\u00e1rio da Allround Motorradvermietung &amp; H.M. Motorradhaus.<\/li>\n<\/ul>\n<p>&nbsp;<\/p>\n<h4>8. Dispositivos de prote\u00e7\u00e3o de dados sobre a aplica\u00e7\u00e3o e uso do Google Analytics (com fun\u00e7\u00e3o de anonimiza\u00e7\u00e3o)<\/h4>\n<p>Neste site, o controlador integrou o componente do Google Analytics (com a fun\u00e7\u00e3o anonymizer). O Google Analytics \u00e9 um servi\u00e7o de an\u00e1lise da web. Web analytics \u00e9 a coleta, coleta e an\u00e1lise de dados sobre o comportamento dos visitantes dos sites. Um servi\u00e7o de an\u00e1lise da Web coleta, inter alia, dados sobre o site a partir do qual uma pessoa chegou (o chamado referenciador), quais subp\u00e1ginas foram visitadas ou com que frequ\u00eancia e por quanto tempo uma subp\u00e1gina foi visualizada. A an\u00e1lise da Web \u00e9 usada principalmente para a otimiza\u00e7\u00e3o de um site e para realizar uma an\u00e1lise de custo-benef\u00edcio da publicidade na Internet.<\/p>\n<p>A operadora do componente Google Analytics \u00e9 a Google Inc., 1600 Amphitheatre Pkwy, Mountain View, CA 94043-1351, Estados Unidos.<\/p>\n<p>Para a an\u00e1lise da web por meio do Google Analytics, o controlador usa o aplicativo &#8220;_gat. _anonymizeIp&#8221;. Por meio deste aplicativo, o endere\u00e7o IP da conex\u00e3o de Internet do titular dos dados \u00e9 abreviado pelo Google e anonimizado ao acessar nossos sites a partir de um Estado Membro da Uni\u00e3o Europeia ou de outro Estado Contratante ao Acordo sobre o Espa\u00e7o Econ\u00f4mico Europeu.<\/p>\n<p>O objetivo do componente do Google Analytics \u00e9 analisar o tr\u00e1fego em nosso site. O Google usa os dados e informa\u00e7\u00f5es coletadas, entre outros, para avaliar o uso do nosso site e para fornecer relat\u00f3rios on-line, que mostram as atividades em nossos sites e para fornecer outros servi\u00e7os relacionados ao uso de nosso site na Internet.<\/p>\n<p>O Google Analytics coloca um cookie no sistema de tecnologia da informa\u00e7\u00e3o do sujeito dos dados. A defini\u00e7\u00e3o de cookies \u00e9 explicada acima. Com a configura\u00e7\u00e3o do cookie, o Google est\u00e1 habilitado para analisar o uso do nosso site. A cada chamada efetuada para uma das p\u00e1ginas individuais deste site da Internet, operado pelo controlador e no qual um componente do Google Analytics foi integrado, o navegador da Internet no sistema de tecnologia da informa\u00e7\u00e3o do sujeito dos dados enviar\u00e1 automaticamente os dados por meio do Componente do Google Analytics para fins de publicidade on-line e a liquida\u00e7\u00e3o de comiss\u00f5es para o Google. Durante o curso deste procedimento t\u00e9cnico, a empresa Google adquire conhecimento de informa\u00e7\u00f5es pessoais, como o endere\u00e7o IP do titular dos dados, que serve ao Google, entre outras coisas, para entender a origem dos visitantes e cliques e, subsequentemente, criar acordos de comiss\u00e3o.<\/p>\n<p>O cookie \u00e9 usado para armazenar informa\u00e7\u00f5es pessoais, como o tempo de acesso, a localiza\u00e7\u00e3o a partir da qual o acesso foi feito e a frequ\u00eancia de visitas de nosso site pelo assunto dos dados. A cada visita ao nosso site da Internet, esses dados pessoais, incluindo o endere\u00e7o IP do acesso \u00e0 Internet utilizado pelo titular dos dados, ser\u00e3o transmitidos ao Google nos Estados Unidos da Am\u00e9rica. Esses dados pessoais s\u00e3o armazenados pelo Google nos Estados Unidos da Am\u00e9rica. O Google pode passar esses dados pessoais coletados por meio do procedimento t\u00e9cnico para terceiros.<\/p>\n<p>O titular dos dados pode, como dito acima, impedir a configura\u00e7\u00e3o de cookies atrav\u00e9s do nosso site a qualquer momento por meio de um ajuste correspondente do navegador da web usado e, assim, negar permanentemente a configura\u00e7\u00e3o de cookies. Tal ajuste ao navegador da Internet usado tamb\u00e9m impediria o Google Analytics de definir um cookie no sistema de tecnologia da informa\u00e7\u00e3o do sujeito dos dados. Al\u00e9m disso, os cookies que j\u00e1 est\u00e3o em uso pelo Google Analytics podem ser exclu\u00eddos a qualquer momento por meio de um navegador da Web ou de outros programas de software.<\/p>\n<p>Al\u00e9m disso, o titular dos dados tem a possibilidade de se opor a uma cole\u00e7\u00e3o de dados que s\u00e3o gerados pelo Google Analytics, que est\u00e1 relacionado ao uso deste site, bem como o processamento desses dados pelo Google e a chance de impedir qualquer tal . Para isso, o participante de dados deve baixar um complemento do navegador no link https:\/\/tools.google.com\/dlpage\/gaoptout e instal\u00e1-lo. Esse complemento do navegador informa ao Google Analytics por meio de um JavaScript que quaisquer dados e informa\u00e7\u00f5es sobre as visitas de p\u00e1ginas da Internet n\u00e3o podem ser transmitidos ao Google Analytics. A instala\u00e7\u00e3o dos complementos do navegador \u00e9 considerada uma obje\u00e7\u00e3o do Google. Se o sistema de tecnologia da informa\u00e7\u00e3o do assunto dos dados for posteriormente exclu\u00eddo, formatado ou rec\u00e9m-instalado, o participante dos dados dever\u00e1 reinstalar os complementos do navegador para desativar o Google Analytics. Se o complemento do navegador foi desinstalado pelo titular dos dados ou por qualquer outra pessoa que seja atribu\u00edvel \u00e0 sua esfera de compet\u00eancia ou esteja desativado, \u00e9 poss\u00edvel executar a reinstala\u00e7\u00e3o ou reativa\u00e7\u00e3o dos complementos do navegador.<\/p>\n\t<p>Voc\u00ea pode impedir que o Google Analytics colete seus dados clicando no link a seguir. Um cookie de opt-out ser\u00e1 definido para impedir que seus dados sejam coletados em visitas futuras a este site: <a onclick=\"alert('O rastreamento do Google Analytics foi desativado no seu navegador para este site');\" href=\"javascript:gaOptout()\">Desativar o Google Analytics<\/a>.<\/p>\n\t\n<p>Mais informa\u00e7\u00f5es e as provis\u00f5es de prote\u00e7\u00e3o de dados aplic\u00e1veis do Google podem ser obtidas em https:\/\/www.google.com\/intl\/pt-BR\/policies\/privacy\/ e em http:\/\/www.google.com\/analytics\/terms\/us. html. O Google Analytics \u00e9 explicado no Link a seguir https:\/\/www.google.com\/analytics\/.<\/p>\n<h4>9. Base legal para o processamento<\/h4>\n<p>Arte. 6 (1) lit. um GDPR serve como base legal para opera\u00e7\u00f5es de processamento para as quais obtemos consentimento para um prop\u00f3sito de processamento espec\u00edfico. Se o processamento de dados pessoais for necess\u00e1rio para a execu\u00e7\u00e3o de um contrato do qual o titular dos dados \u00e9 parte, como \u00e9 o caso, por exemplo, quando as opera\u00e7\u00f5es de processamento s\u00e3o necess\u00e1rias para o fornecimento de bens ou para fornecer qualquer outro servi\u00e7o, o processamento \u00e9 com base no artigo 6.\u00ba, n.\u00ba 1, b GDPR. O mesmo se aplica a tais opera\u00e7\u00f5es de processamento que s\u00e3o necess\u00e1rias para a execu\u00e7\u00e3o de medidas pr\u00e9-contratuais, por exemplo, no caso de consultas relativas aos nossos produtos ou servi\u00e7os. \u00c9 a nossa empresa sujeita a uma obriga\u00e7\u00e3o legal pelo qual o processamento de dados pessoais \u00e9 necess\u00e1ria, como para o cumprimento das obriga\u00e7\u00f5es fiscais, o processamento \u00e9 baseado no art. 6 (1) lit. c GDPR.<br \/>\nEm casos raros, o tratamento de dados pessoais pode ser necess\u00e1rio para proteger os interesses vitais do titular dos dados ou de outra pessoa singular. Este seria o caso, por exemplo, se um visitante fosse ferido em nossa empresa e seu nome, idade, dados de seguro de sa\u00fade ou outras informa\u00e7\u00f5es vitais tivessem que ser repassados para um m\u00e9dico, hospital ou outro terceiro. Ent\u00e3o o processamento seria baseado no art. 6 (1) lit. d GDPR.<br \/>\nPor fim, as opera\u00e7\u00f5es de tratamento poderiam basear-se no artigo 6.\u00ba, n.\u00ba 1, lit. f GDPR. Esta base jur\u00eddica \u00e9 utilizada para opera\u00e7\u00f5es de tratamento n\u00e3o abrangidas por qualquer dos fundamentos jur\u00eddicos acima referidos, se o tratamento for necess\u00e1rio para os fins leg\u00edtimos prosseguidos pela nossa empresa ou por um terceiro, salvo se tais interesses forem anulados pelos interesses ou direitos e liberdades fundamentais da pessoa em causa que requerem protec\u00e7\u00e3o de dados pessoais. Tais opera\u00e7\u00f5es de tratamento s\u00e3o particularmente admiss\u00edveis porque foram especificamente mencionadas pelo legislador europeu. Considerou que um interesse leg\u00edtimo poderia ser assumido se o titular dos dados for um cliente do respons\u00e1vel pelo tratamento (considerando 47, frase 2, GDPR).<\/p>\n<h4>10. Os interesses leg\u00edtimos prosseguidos pelo respons\u00e1vel pelo tratamento ou por um terceiro<\/h4>\n<p>Quando o tratamento de dados pessoais se baseia no artigo 6.\u00ba, n.\u00ba 1, fGDPR nosso interesse leg\u00edtimo \u00e9 realizar nossos neg\u00f3cios em favor do bem-estar de todos os nossos funcion\u00e1rios e acionistas.<\/p>\n<h4>11. Per\u00edodo para o qual os dados pessoais ser\u00e3o armazenados<\/h4>\n<p>O crit\u00e9rio utilizado para determinar o per\u00edodo de armazenamento de dados pessoais \u00e9 o respectivo per\u00edodo de reten\u00e7\u00e3o legal. Ap\u00f3s o t\u00e9rmino desse per\u00edodo, os dados correspondentes s\u00e3o rotineiramente exclu\u00eddos, desde que n\u00e3o sejam mais necess\u00e1rios para o cumprimento do contrato ou o in\u00edcio de um contrato.<\/p>\n<h4>12. Fornecimento de dados pessoais como requisito legal ou contratual; Requisito necess\u00e1rio para celebrar um contrato; Obriga\u00e7\u00e3o do titular dos dados de fornecer os dados pessoais; poss\u00edveis conseq\u00fc\u00eancias da falha em fornecer tais dados<\/h4>\n<p>Esclarecemos que o fornecimento de dados pessoais \u00e9 parcialmente exigido por lei (por exemplo, regulamentos fiscais) ou pode tamb\u00e9m resultar de cl\u00e1usulas contratuais (por exemplo, informa\u00e7\u00f5es sobre o parceiro contratual).<\/p>\n<p>\u00c0s vezes pode ser necess\u00e1rio concluir um contrato que o titular dos dados nos forne\u00e7a dados pessoais, que devem ser posteriormente processados por n\u00f3s. O titular dos dados \u00e9, por exemplo, obrigado a nos fornecer dados pessoais quando a nossa empresa assina um contrato com ele. A n\u00e3o disponibiliza\u00e7\u00e3o dos dados pessoais teria como consequ\u00eancia que o contrato com o titular dos dados n\u00e3o pudesse ser conclu\u00eddo.<\/p>\n<p>Antes de os dados pessoais serem fornecidos pelo titular dos dados, o titular dos dados deve entrar em contato com qualquer funcion\u00e1rio. O funcion\u00e1rio esclarece ao titular dos dados se a presta\u00e7\u00e3o dos dados pessoais \u00e9 exigida por lei ou contrato ou se \u00e9 necess\u00e1ria para a conclus\u00e3o do contrato, se existe uma obriga\u00e7\u00e3o de fornecer os dados pessoais e as consequ\u00eancias da n\u00e3o presta\u00e7\u00e3o do pessoal. dados.<\/p>\n<h4>13. Exist\u00eancia de tomada de decis\u00e3o automatizada<\/h4>\n<p>Como empresa respons\u00e1vel, n\u00e3o utilizamos tomadas de decis\u00e3o ou perfis autom\u00e1ticos.<\/p>","protected":false},"excerpt":{"rendered":"<p>Este \u00e9 um texto traduzido automaticamente. Para a vers\u00e3o original em ingl\u00eas, por favor clique aqui. Pol\u00edtica de Privacidade Estamos muito satisfeitos por voc\u00ea ter demonstrado interesse em nossa empresa. A prote\u00e7\u00e3o de dados \u00e9 uma prioridade particularmente alta para a gest\u00e3o da Allround Motorradvermietung &amp; H.M. Motorradhaus. O uso das p\u00e1ginas da Internet da [&hellip;]<\/p>\n","protected":false},"author":1,"featured_media":0,"parent":0,"menu_order":0,"comment_status":"closed","ping_status":"closed","template":"","meta":{"footnotes":""},"class_list":["post-335","page","type-page","status-publish","hentry"],"aioseo_notices":[],"_links":{"self":[{"href":"https:\/\/www.motorradvermietung.de\/frankfurt\/pt\/wp-json\/wp\/v2\/pages\/335","targetHints":{"allow":["GET"]}}],"collection":[{"href":"https:\/\/www.motorradvermietung.de\/frankfurt\/pt\/wp-json\/wp\/v2\/pages"}],"about":[{"href":"https:\/\/www.motorradvermietung.de\/frankfurt\/pt\/wp-json\/wp\/v2\/types\/page"}],"author":[{"embeddable":true,"href":"https:\/\/www.motorradvermietung.de\/frankfurt\/pt\/wp-json\/wp\/v2\/users\/1"}],"replies":[{"embeddable":true,"href":"https:\/\/www.motorradvermietung.de\/frankfurt\/pt\/wp-json\/wp\/v2\/comments?post=335"}],"version-history":[{"count":8,"href":"https:\/\/www.motorradvermietung.de\/frankfurt\/pt\/wp-json\/wp\/v2\/pages\/335\/revisions"}],"predecessor-version":[{"id":453,"href":"https:\/\/www.motorradvermietung.de\/frankfurt\/pt\/wp-json\/wp\/v2\/pages\/335\/revisions\/453"}],"wp:attachment":[{"href":"https:\/\/www.motorradvermietung.de\/frankfurt\/pt\/wp-json\/wp\/v2\/media?parent=335"}],"curies":[{"name":"wp","href":"https:\/\/api.w.org\/{rel}","templated":true}]}}