{"id":9,"date":"2017-06-07T11:23:00","date_gmt":"2017-06-07T09:23:00","guid":{"rendered":"https:\/\/www.motorradvermietung.de\/frankfurt\/?page_id=9"},"modified":"2021-02-15T14:55:30","modified_gmt":"2021-02-15T13:55:30","slug":"motorraeder","status":"publish","type":"page","link":"https:\/\/www.motorradvermietung.de\/frankfurt\/pt\/motorraeder","title":{"rendered":"Motocicletas"},"content":{"rendered":"<p><\/p>\n<p class=\"editor__intro\"><span id=\"result_box\" class=\"\" lang=\"pt\"><span class=\"\">Nesta p\u00e1gina voc\u00ea encontrar\u00e1 uma vis\u00e3o geral atualizada de todas as nossas motocicletas.<\/span><\/span><\/p>\n<p><span id=\"result_box\" class=\"\" lang=\"pt\"><span class=\"\">Clicando nos blocos, uma tabela se abre com os ve\u00edculos da tarifa selecionada.<\/span> <span class=\"\">Se voc\u00ea clicar em uma das motocicletas, ter\u00e1 uma visualiza\u00e7\u00e3o detalhada.<\/span><br \/>\nUma vis\u00e3o geral dos pre\u00e7os e compara\u00e7\u00f5es de pre\u00e7os podem ser encontradas em<\/span> <a href=\"\/frankfurt\/pt\/tarife\/\" target=\"_blank\" rel=\"noopener\">Tarifas<\/a>.<\/p>","protected":false},"excerpt":{"rendered":"<p>Nesta p\u00e1gina voc\u00ea encontrar\u00e1 uma vis\u00e3o geral atualizada de todas as nossas motocicletas. Clicando nos blocos, uma tabela se abre com os ve\u00edculos da tarifa selecionada. Se voc\u00ea clicar em uma das motocicletas, ter\u00e1 uma visualiza\u00e7\u00e3o detalhada. Uma vis\u00e3o geral dos pre\u00e7os e compara\u00e7\u00f5es de pre\u00e7os podem ser encontradas em Tarifas.<\/p>\n","protected":false},"author":1,"featured_media":0,"parent":0,"menu_order":0,"comment_status":"closed","ping_status":"closed","template":"page-bikes.php","meta":{"footnotes":""},"class_list":["post-9","page","type-page","status-publish","hentry"],"aioseo_notices":[],"_links":{"self":[{"href":"https:\/\/www.motorradvermietung.de\/frankfurt\/pt\/wp-json\/wp\/v2\/pages\/9","targetHints":{"allow":["GET"]}}],"collection":[{"href":"https:\/\/www.motorradvermietung.de\/frankfurt\/pt\/wp-json\/wp\/v2\/pages"}],"about":[{"href":"https:\/\/www.motorradvermietung.de\/frankfurt\/pt\/wp-json\/wp\/v2\/types\/page"}],"author":[{"embeddable":true,"href":"https:\/\/www.motorradvermietung.de\/frankfurt\/pt\/wp-json\/wp\/v2\/users\/1"}],"replies":[{"embeddable":true,"href":"https:\/\/www.motorradvermietung.de\/frankfurt\/pt\/wp-json\/wp\/v2\/comments?post=9"}],"version-history":[{"count":6,"href":"https:\/\/www.motorradvermietung.de\/frankfurt\/pt\/wp-json\/wp\/v2\/pages\/9\/revisions"}],"predecessor-version":[{"id":280,"href":"https:\/\/www.motorradvermietung.de\/frankfurt\/pt\/wp-json\/wp\/v2\/pages\/9\/revisions\/280"}],"wp:attachment":[{"href":"https:\/\/www.motorradvermietung.de\/frankfurt\/pt\/wp-json\/wp\/v2\/media?parent=9"}],"curies":[{"name":"wp","href":"https:\/\/api.w.org\/{rel}","templated":true}]}}